{"id":3843,"date":"2018-09-28T11:31:25","date_gmt":"2018-09-28T14:31:25","guid":{"rendered":"https:\/\/www.aroeirasalles.com.br\/site\/equipe\/gabriel-machado-sampaio\/"},"modified":"2020-04-08T14:48:22","modified_gmt":"2020-04-08T17:48:22","slug":"gabriel-machado-sampaio","status":"publish","type":"equipe","link":"https:\/\/www.aroeirasalles.com.br\/en\/team\/gabriel-machado-sampaio\/","title":{"rendered":"Gabriel Machado Sampaio"},"featured_media":3844,"parent":0,"template":"","meta":{"inline_featured_image":false},"acf":{"local":134,"vinculo":135,"bloco-1":"<p>Gabriel graduated from the Federal University of Minas Gerais in 2009 and participated in various academic endeavors including as part of the Nucleus of Studies in Environmental Law &#8211; NEDA and the Afonso Pena Academic Center &#8211; CAAP. During this period, he lived in England, where he had the opportunity to improve his knowledge of English and to work.<\/p>\n<p>In 2015, he completed a lato-sensu Post-Graduation Course at the IBMEC Institute in the areas of Commercial, Corporate, Tax, Environmental and Contractual Law.<\/p>\n<p>He joined Aroeira Salles in 2010 and since then he has worked in the Rio de Janeiro and Minas Gerais offices for clients in those and other Brazilian States. Gabriel\u2019s practice includes the legal management of private and public contracts, judicial and administrative litigation, producing legal opinions and claims with a focus on the areas of Private, Administrative and Environmental Law.<\/p>\n","bloco-2":"","bloco-3":"","bloco-4":"","trabalhos-texto-1":"","publicacoes":false,"equipe-foto":{"ID":2511,"id":2511,"title":"GABRIEL MACHADO SAMPAIO","filename":"GABRIEL-MACHADO-SAMPAIO.png","filesize":77199,"url":"https:\/\/www.aroeirasalles.com.br\/site\/wp-content\/uploads\/2018\/09\/GABRIEL-MACHADO-SAMPAIO.png","link":"https:\/\/www.aroeirasalles.com.br\/en\/equipe\/gabriel-machado-sampaio\/gabriel-machado-sampaio-2\/","alt":"","author":"2","description":"","caption":"","name":"gabriel-machado-sampaio-2","status":"inherit","uploaded_to":2361,"date":"2018-11-06 17:55:08","modified":"2018-11-06 17:55:08","menu_order":0,"mime_type":"image\/png","type":"image","subtype":"png","icon":"https:\/\/www.aroeirasalles.com.br\/site\/wp-includes\/images\/media\/default.png","width":439,"height":489,"sizes":{"thumbnail":"https:\/\/www.aroeirasalles.com.br\/site\/wp-content\/uploads\/2018\/09\/GABRIEL-MACHADO-SAMPAIO-150x150.png","thumbnail-width":150,"thumbnail-height":150,"medium":"https:\/\/www.aroeirasalles.com.br\/site\/wp-content\/uploads\/2018\/09\/GABRIEL-MACHADO-SAMPAIO.png","medium-width":269,"medium-height":300,"medium_large":"https:\/\/www.aroeirasalles.com.br\/site\/wp-content\/uploads\/2018\/09\/GABRIEL-MACHADO-SAMPAIO.png","medium_large-width":439,"medium_large-height":489,"large":"https:\/\/www.aroeirasalles.com.br\/site\/wp-content\/uploads\/2018\/09\/GABRIEL-MACHADO-SAMPAIO.png","large-width":439,"large-height":489,"1536x1536":"https:\/\/www.aroeirasalles.com.br\/site\/wp-content\/uploads\/2018\/09\/GABRIEL-MACHADO-SAMPAIO.png","1536x1536-width":439,"1536x1536-height":489,"2048x2048":"https:\/\/www.aroeirasalles.com.br\/site\/wp-content\/uploads\/2018\/09\/GABRIEL-MACHADO-SAMPAIO.png","2048x2048-width":439,"2048x2048-height":489,"img-page-featured":"https:\/\/www.aroeirasalles.com.br\/site\/wp-content\/uploads\/2018\/09\/GABRIEL-MACHADO-SAMPAIO.png","img-page-featured-width":439,"img-page-featured-height":489,"img-blog-archive":"https:\/\/www.aroeirasalles.com.br\/site\/wp-content\/uploads\/2018\/09\/GABRIEL-MACHADO-SAMPAIO-439x281.png","img-blog-archive-width":439,"img-blog-archive-height":281,"img-gallery-big":"https:\/\/www.aroeirasalles.com.br\/site\/wp-content\/uploads\/2018\/09\/GABRIEL-MACHADO-SAMPAIO-439x315.png","img-gallery-big-width":439,"img-gallery-big-height":315,"img-feature-card":"https:\/\/www.aroeirasalles.com.br\/site\/wp-content\/uploads\/2018\/09\/GABRIEL-MACHADO-SAMPAIO-285x400.png","img-feature-card-width":285,"img-feature-card-height":400,"img-feature-single":"https:\/\/www.aroeirasalles.com.br\/site\/wp-content\/uploads\/2018\/09\/GABRIEL-MACHADO-SAMPAIO.png","img-feature-single-width":439,"img-feature-single-height":489,"img-tab":"https:\/\/www.aroeirasalles.com.br\/site\/wp-content\/uploads\/2018\/09\/GABRIEL-MACHADO-SAMPAIO.png","img-tab-width":439,"img-tab-height":489,"img-hero":"https:\/\/www.aroeirasalles.com.br\/site\/wp-content\/uploads\/2018\/09\/GABRIEL-MACHADO-SAMPAIO-439x430.png","img-hero-width":439,"img-hero-height":430,"img-media-object-half":"https:\/\/www.aroeirasalles.com.br\/site\/wp-content\/uploads\/2018\/09\/GABRIEL-MACHADO-SAMPAIO-439x338.png","img-media-object-half-width":439,"img-media-object-half-height":338,"img-slider":"https:\/\/www.aroeirasalles.com.br\/site\/wp-content\/uploads\/2018\/09\/GABRIEL-MACHADO-SAMPAIO.png","img-slider-width":439,"img-slider-height":489,"img-search":"https:\/\/www.aroeirasalles.com.br\/site\/wp-content\/uploads\/2018\/09\/GABRIEL-MACHADO-SAMPAIO-300x225.png","img-search-width":300,"img-search-height":225,"single-corpo-clinico":"https:\/\/www.aroeirasalles.com.br\/site\/wp-content\/uploads\/2018\/09\/GABRIEL-MACHADO-SAMPAIO-285x285.png","single-corpo-clinico-width":285,"single-corpo-clinico-height":285,"img-header":"https:\/\/www.aroeirasalles.com.br\/site\/wp-content\/uploads\/2018\/09\/GABRIEL-MACHADO-SAMPAIO-439x350.png","img-header-width":439,"img-header-height":350,"img-servico":"https:\/\/www.aroeirasalles.com.br\/site\/wp-content\/uploads\/2018\/09\/GABRIEL-MACHADO-SAMPAIO-439x300.png","img-servico-width":439,"img-servico-height":300,"yarpp-thumbnail":"https:\/\/www.aroeirasalles.com.br\/site\/wp-content\/uploads\/2018\/09\/GABRIEL-MACHADO-SAMPAIO.png","yarpp-thumbnail-width":108,"yarpp-thumbnail-height":120}},"equipe-premios":false,"qualificacao-1":"","qualificacao-2":"","especialidades":false,"funcao":"Lawyer","linkedin":"","vcard":false,"email":"","subtitulo-pagina":""},"yoast_head":"<!-- This site is optimized with the Yoast SEO plugin v21.7 - https:\/\/yoast.com\/wordpress\/plugins\/seo\/ -->\n<title>Gabriel Machado Sampaio - Aroeira Salles Advogados<\/title>\n<meta name=\"description\" content=\"Gabriel graduated from the Federal University of Minas Gerais in 2009 and participated in various academic endeavors including as part of the Nucleus of Studies in Environmental Law - NEDA and the Afonso Pena Academic Center - CAAP. During this period, he lived in England, where he had the opportunity to improve his knowledge of English and to work.\" \/>\n<meta name=\"robots\" content=\"index, follow, max-snippet:-1, max-image-preview:large, max-video-preview:-1\" \/>\n<link rel=\"canonical\" href=\"https:\/\/www.aroeirasalles.com.br\/en\/team\/gabriel-machado-sampaio\/\" \/>\n<meta property=\"og:locale\" content=\"en_US\" \/>\n<meta property=\"og:type\" content=\"article\" \/>\n<meta property=\"og:title\" content=\"Gabriel Machado Sampaio - Aroeira Salles Advogados\" \/>\n<meta property=\"og:description\" content=\"Gabriel graduated from the Federal University of Minas Gerais in 2009 and participated in various academic endeavors including as part of the Nucleus of Studies in Environmental Law - NEDA and the Afonso Pena Academic Center - CAAP. During this period, he lived in England, where he had the opportunity to improve his knowledge of English and to work.\" \/>\n<meta property=\"og:url\" content=\"https:\/\/www.aroeirasalles.com.br\/en\/team\/gabriel-machado-sampaio\/\" \/>\n<meta property=\"og:site_name\" content=\"Aroeira Salles Advogados\" \/>\n<meta property=\"article:publisher\" content=\"https:\/\/www.facebook.com\/aroeirasalles\/\" \/>\n<meta property=\"article:modified_time\" content=\"2020-04-08T17:48:22+00:00\" \/>\n<meta property=\"og:image\" content=\"https:\/\/www.aroeirasalles.com.br\/site\/wp-content\/uploads\/2018\/09\/GABRIEL-MACHADO-SAMPAIO.png\" \/>\n\t<meta property=\"og:image:width\" content=\"439\" \/>\n\t<meta property=\"og:image:height\" content=\"489\" \/>\n\t<meta property=\"og:image:type\" content=\"image\/png\" \/>\n<meta name=\"twitter:card\" content=\"summary_large_image\" \/>\n<script type=\"application\/ld+json\" class=\"yoast-schema-graph\">{\"@context\":\"https:\/\/schema.org\",\"@graph\":[{\"@type\":\"WebPage\",\"@id\":\"https:\/\/www.aroeirasalles.com.br\/en\/team\/gabriel-machado-sampaio\/\",\"url\":\"https:\/\/www.aroeirasalles.com.br\/en\/team\/gabriel-machado-sampaio\/\",\"name\":\"Gabriel Machado Sampaio - Aroeira Salles Advogados\",\"isPartOf\":{\"@id\":\"https:\/\/www.aroeirasalles.com.br\/#website\"},\"datePublished\":\"2018-09-28T14:31:25+00:00\",\"dateModified\":\"2020-04-08T17:48:22+00:00\",\"description\":\"Gabriel graduated from the Federal University of Minas Gerais in 2009 and participated in various academic endeavors including as part of the Nucleus of Studies in Environmental Law - NEDA and the Afonso Pena Academic Center - CAAP. During this period, he lived in England, where he had the opportunity to improve his knowledge of English and to work.\",\"breadcrumb\":{\"@id\":\"https:\/\/www.aroeirasalles.com.br\/en\/team\/gabriel-machado-sampaio\/#breadcrumb\"},\"inLanguage\":\"en-US\",\"potentialAction\":[{\"@type\":\"ReadAction\",\"target\":[\"https:\/\/www.aroeirasalles.com.br\/en\/team\/gabriel-machado-sampaio\/\"]}]},{\"@type\":\"BreadcrumbList\",\"@id\":\"https:\/\/www.aroeirasalles.com.br\/en\/team\/gabriel-machado-sampaio\/#breadcrumb\",\"itemListElement\":[{\"@type\":\"ListItem\",\"position\":1,\"name\":\"In\u00edcio\",\"item\":\"https:\/\/www.aroeirasalles.com.br\/en\/\"},{\"@type\":\"ListItem\",\"position\":2,\"name\":\"Gabriel Machado Sampaio\"}]},{\"@type\":\"WebSite\",\"@id\":\"https:\/\/www.aroeirasalles.com.br\/#website\",\"url\":\"https:\/\/www.aroeirasalles.com.br\/\",\"name\":\"Aroeira Salles Advogados\",\"description\":\"Prestamos assessoria a empresas nacionais e internacionais de v\u00e1rios setores da economia, garantindo sua seguran\u00e7a jur\u00eddica nas diferentes fases de um projeto.\",\"publisher\":{\"@id\":\"https:\/\/www.aroeirasalles.com.br\/#organization\"},\"potentialAction\":[{\"@type\":\"SearchAction\",\"target\":{\"@type\":\"EntryPoint\",\"urlTemplate\":\"https:\/\/www.aroeirasalles.com.br\/?s={search_term_string}\"},\"query-input\":\"required name=search_term_string\"}],\"inLanguage\":\"en-US\"},{\"@type\":\"Organization\",\"@id\":\"https:\/\/www.aroeirasalles.com.br\/#organization\",\"name\":\"Aroeira Salles Advogados\",\"url\":\"https:\/\/www.aroeirasalles.com.br\/\",\"logo\":{\"@type\":\"ImageObject\",\"inLanguage\":\"en-US\",\"@id\":\"https:\/\/www.aroeirasalles.com.br\/#\/schema\/logo\/image\/\",\"url\":\"https:\/\/www.aroeirasalles.com.br\/site\/wp-content\/uploads\/2018\/12\/2018_09_04_ASA_logo_300dpi-01.png\",\"contentUrl\":\"https:\/\/www.aroeirasalles.com.br\/site\/wp-content\/uploads\/2018\/12\/2018_09_04_ASA_logo_300dpi-01.png\",\"width\":1182,\"height\":626,\"caption\":\"Aroeira Salles Advogados\"},\"image\":{\"@id\":\"https:\/\/www.aroeirasalles.com.br\/#\/schema\/logo\/image\/\"},\"sameAs\":[\"https:\/\/www.facebook.com\/aroeirasalles\/\",\"https:\/\/www.linkedin.com\/company\/aroeira-salles-advogados\/\"]}]}<\/script>\n<!-- \/ Yoast SEO plugin. -->","yoast_head_json":{"title":"Gabriel Machado Sampaio - Aroeira Salles Advogados","description":"Gabriel graduated from the Federal University of Minas Gerais in 2009 and participated in various academic endeavors including as part of the Nucleus of Studies in Environmental Law - NEDA and the Afonso Pena Academic Center - CAAP. During this period, he lived in England, where he had the opportunity to improve his knowledge of English and to work.","robots":{"index":"index","follow":"follow","max-snippet":"max-snippet:-1","max-image-preview":"max-image-preview:large","max-video-preview":"max-video-preview:-1"},"canonical":"https:\/\/www.aroeirasalles.com.br\/en\/team\/gabriel-machado-sampaio\/","og_locale":"en_US","og_type":"article","og_title":"Gabriel Machado Sampaio - Aroeira Salles Advogados","og_description":"Gabriel graduated from the Federal University of Minas Gerais in 2009 and participated in various academic endeavors including as part of the Nucleus of Studies in Environmental Law - NEDA and the Afonso Pena Academic Center - CAAP. During this period, he lived in England, where he had the opportunity to improve his knowledge of English and to work.","og_url":"https:\/\/www.aroeirasalles.com.br\/en\/team\/gabriel-machado-sampaio\/","og_site_name":"Aroeira Salles Advogados","article_publisher":"https:\/\/www.facebook.com\/aroeirasalles\/","article_modified_time":"2020-04-08T17:48:22+00:00","og_image":[{"width":439,"height":489,"url":"https:\/\/www.aroeirasalles.com.br\/site\/wp-content\/uploads\/2018\/09\/GABRIEL-MACHADO-SAMPAIO.png","type":"image\/png"}],"twitter_card":"summary_large_image","schema":{"@context":"https:\/\/schema.org","@graph":[{"@type":"WebPage","@id":"https:\/\/www.aroeirasalles.com.br\/en\/team\/gabriel-machado-sampaio\/","url":"https:\/\/www.aroeirasalles.com.br\/en\/team\/gabriel-machado-sampaio\/","name":"Gabriel Machado Sampaio - Aroeira Salles Advogados","isPartOf":{"@id":"https:\/\/www.aroeirasalles.com.br\/#website"},"datePublished":"2018-09-28T14:31:25+00:00","dateModified":"2020-04-08T17:48:22+00:00","description":"Gabriel graduated from the Federal University of Minas Gerais in 2009 and participated in various academic endeavors including as part of the Nucleus of Studies in Environmental Law - NEDA and the Afonso Pena Academic Center - CAAP. During this period, he lived in England, where he had the opportunity to improve his knowledge of English and to work.","breadcrumb":{"@id":"https:\/\/www.aroeirasalles.com.br\/en\/team\/gabriel-machado-sampaio\/#breadcrumb"},"inLanguage":"en-US","potentialAction":[{"@type":"ReadAction","target":["https:\/\/www.aroeirasalles.com.br\/en\/team\/gabriel-machado-sampaio\/"]}]},{"@type":"BreadcrumbList","@id":"https:\/\/www.aroeirasalles.com.br\/en\/team\/gabriel-machado-sampaio\/#breadcrumb","itemListElement":[{"@type":"ListItem","position":1,"name":"In\u00edcio","item":"https:\/\/www.aroeirasalles.com.br\/en\/"},{"@type":"ListItem","position":2,"name":"Gabriel Machado Sampaio"}]},{"@type":"WebSite","@id":"https:\/\/www.aroeirasalles.com.br\/#website","url":"https:\/\/www.aroeirasalles.com.br\/","name":"Aroeira Salles Advogados","description":"Prestamos assessoria a empresas nacionais e internacionais de v\u00e1rios setores da economia, garantindo sua seguran\u00e7a jur\u00eddica nas diferentes fases de um projeto.","publisher":{"@id":"https:\/\/www.aroeirasalles.com.br\/#organization"},"potentialAction":[{"@type":"SearchAction","target":{"@type":"EntryPoint","urlTemplate":"https:\/\/www.aroeirasalles.com.br\/?s={search_term_string}"},"query-input":"required name=search_term_string"}],"inLanguage":"en-US"},{"@type":"Organization","@id":"https:\/\/www.aroeirasalles.com.br\/#organization","name":"Aroeira Salles Advogados","url":"https:\/\/www.aroeirasalles.com.br\/","logo":{"@type":"ImageObject","inLanguage":"en-US","@id":"https:\/\/www.aroeirasalles.com.br\/#\/schema\/logo\/image\/","url":"https:\/\/www.aroeirasalles.com.br\/site\/wp-content\/uploads\/2018\/12\/2018_09_04_ASA_logo_300dpi-01.png","contentUrl":"https:\/\/www.aroeirasalles.com.br\/site\/wp-content\/uploads\/2018\/12\/2018_09_04_ASA_logo_300dpi-01.png","width":1182,"height":626,"caption":"Aroeira Salles Advogados"},"image":{"@id":"https:\/\/www.aroeirasalles.com.br\/#\/schema\/logo\/image\/"},"sameAs":["https:\/\/www.facebook.com\/aroeirasalles\/","https:\/\/www.linkedin.com\/company\/aroeira-salles-advogados\/"]}]}},"_links":{"self":[{"href":"https:\/\/www.aroeirasalles.com.br\/en\/wp-json\/wp\/v2\/equipe-api\/3843"}],"collection":[{"href":"https:\/\/www.aroeirasalles.com.br\/en\/wp-json\/wp\/v2\/equipe-api"}],"about":[{"href":"https:\/\/www.aroeirasalles.com.br\/en\/wp-json\/wp\/v2\/types\/equipe"}],"version-history":[{"count":1,"href":"https:\/\/www.aroeirasalles.com.br\/en\/wp-json\/wp\/v2\/equipe-api\/3843\/revisions"}],"predecessor-version":[{"id":3845,"href":"https:\/\/www.aroeirasalles.com.br\/en\/wp-json\/wp\/v2\/equipe-api\/3843\/revisions\/3845"}],"wp:featuredmedia":[{"embeddable":true,"href":"https:\/\/www.aroeirasalles.com.br\/en\/wp-json\/wp\/v2\/media\/3844"}],"wp:attachment":[{"href":"https:\/\/www.aroeirasalles.com.br\/en\/wp-json\/wp\/v2\/media?parent=3843"}],"curies":[{"name":"wp","href":"https:\/\/api.w.org\/{rel}","templated":true}]}}